{"id":471,"date":"2022-01-03T14:35:21","date_gmt":"2022-01-03T13:35:21","guid":{"rendered":"https:\/\/ipporta.be\/?page_id=471"},"modified":"2022-03-02T11:23:22","modified_gmt":"2022-03-02T10:23:22","slug":"privacy-policy","status":"publish","type":"page","link":"https:\/\/ipporta.be\/fr\/privacy-policy\/","title":{"rendered":"Politique de vie priv\u00e9e"},"content":{"rendered":"<div id=\"fws_69f57cac01170\"  data-column-margin=\"default\" data-midnight=\"dark\"  class=\"wpb_row vc_row-fluid vc_row\"  style=\"padding-top: 0px; padding-bottom: 0px; \"><div class=\"row-bg-wrap\" data-bg-animation=\"none\" data-bg-overlay=\"false\"><div class=\"inner-wrap\"><div class=\"row-bg\"  style=\"\"><\/div><\/div><\/div><div class=\"row_col_wrap_12 col span_12 dark left\">\n\t<div  class=\"vc_col-sm-8 wpb_column column_container vc_column_container col no-extra-padding inherit_tablet inherit_phone\"  data-padding-pos=\"all\" data-has-bg-color=\"false\" data-bg-color=\"\" data-bg-opacity=\"1\" data-animation=\"\" data-delay=\"0\" >\n\t\t<div class=\"vc_column-inner\" >\n\t\t\t<div class=\"wpb_wrapper\">\n\t\t\t\t\r\n<div class=\"wpb_text_column wpb_content_element\" >\r\n\t<div class=\"wpb_wrapper\">\r\n\t\t<h1 class=\"wp-block-heading\" style=\"margin-top: 40px;\">Politique de vie priv\u00e9e<\/h1>\n<p style=\"margin-top: 80px;\">IP Porta accorde une grande importance \u00e0 la protection de vos donn\u00e9es \u00e0 caract\u00e8re personnel .<\/p>\n<p>Nous traitons vos donn\u00e9es \u00e0 caract\u00e8re personnel  conform\u00e9ment aux r\u00e9glementations applicables en mati\u00e8re de protection des donn\u00e9es, notamment le R\u00e8glement G\u00e9n\u00e9ral sur la Protection des Donn\u00e9es 2016\/679 du 27 avril 2016 (\u00ab\u00a0RGPD\u00a0\u00bb), ainsi que la pr\u00e9sente politique de vie priv\u00e9e.<\/p>\n<p>En ce qui suit, nous vous donnerons plus d\u2019informations sur les donn\u00e9es \u00e0 caract\u00e8re personnel  que nous traiterons, pourquoi nous les traiterons et comment nous les obtenons, combien de temps nous les conservons et avec qui nous les partagerons. Nous vous expliquons \u00e9galement comment nous prot\u00e9geons vos donn\u00e9es \u00e0 caract\u00e8re personnel  et comment vous pouvez exercer vos droits relatifs.<\/p>\n<p>Nous veillerons \u00e0 ce que toutes les informations contenues dans cette politique de vie priv\u00e9e soient disponibles pour vous \u00e0 tout moment. Toutefois, nous nous r\u00e9servons le droit de modifier cette politique de vie priv\u00e9e lorsque les r\u00e9glementations l\u2019exigent ou lorsque nos propres pratiques changent. Vous pouvez trouver la version la plus r\u00e9cente de notre politique de vi\u00e9 priv\u00e9e sur notre site web.<\/p>\n<p>Si vous souhaitez obtenir des informations sur la mani\u00e8re dont nous utilisons les cookies, veuillez consulter notre <a href=\"https:\/\/ipporta.be\/fr\/cookie-policy\/\">Politique de cookies<\/a> .<\/p>\n\t<\/div>\r\n<\/div>\r\n\r\n\r\n\r\n\n\t\t\t<\/div> \n\t\t<\/div>\n\t<\/div> \n\n\t<div  class=\"vc_col-sm-4 wpb_column column_container vc_column_container col no-extra-padding inherit_tablet inherit_phone\"  data-padding-pos=\"all\" data-has-bg-color=\"false\" data-bg-color=\"\" data-bg-opacity=\"1\" data-animation=\"\" data-delay=\"0\" >\n\t\t<div class=\"vc_column-inner\" >\n\t\t\t<div class=\"wpb_wrapper\">\n\t\t\t\t\n\t\t\t<\/div> \n\t\t<\/div>\n\t<\/div> \n<\/div><\/div>\r\n\t\t<div id=\"fws_69f57cac01c26\"  data-column-margin=\"default\" data-midnight=\"dark\" data-top-percent=\"2%\" data-bottom-percent=\"2%\"  class=\"wpb_row vc_row-fluid vc_row\"  style=\"padding-top: calc(100vw * 0.02); padding-bottom: calc(100vw * 0.02); \"><div class=\"row-bg-wrap\" data-bg-animation=\"none\" data-bg-overlay=\"false\"><div class=\"inner-wrap\"><div class=\"row-bg\"  style=\"\"><\/div><\/div><\/div><div class=\"row_col_wrap_12 col span_12 dark left\">\n\t<div  class=\"vc_col-sm-8 wpb_column column_container vc_column_container col no-extra-padding inherit_tablet inherit_phone\"  data-padding-pos=\"all\" data-has-bg-color=\"false\" data-bg-color=\"\" data-bg-opacity=\"1\" data-animation=\"\" data-delay=\"0\" >\n\t\t<div class=\"vc_column-inner\" >\n\t\t\t<div class=\"wpb_wrapper\">\n\t\t\t\t\r\n<div class=\"wpb_text_column wpb_content_element\" >\r\n\t<div class=\"wpb_wrapper\">\r\n\t\t<h3>I. Le responsable du traitement<\/h3>\n<p style=\"margin-top: 24px;\">Le responsable du traitement de vos donn\u00e9es \u00e0 caract\u00e8re personnel  est la soci\u00e9t\u00e9 sans personnalit\u00e9 juridique Ongena-Hubert, d\u00e9nomm\u00e9e IP Porta :<\/p>\n<p><strong>IP Porta<\/strong><br \/>Kortrijksesteenweg 127 bus 2<br \/>BE-9830 Sint-Martens-Latem<br \/>BE0829.555.975<br \/>RPR\/RPM Gent<\/p>\n<p>Ci-apr\u00e8s, nous faisons r\u00e9f\u00e9rence \u00e0 IP Porta en tant que \u00ab\u00a0nous\u00a0\u00bb, \u00ab\u00a0notre\u00a0\u00bb ou \u00ab\u00a0IP Porta\u00a0\u00bb.<\/p>\n<h3 style=\"margin-top: 40px;\">II. Les donn\u00e9es \u00e0 caract\u00e8re personnel  trait\u00e9es et, dans le cas pr\u00e9cit\u00e9, leur caract\u00e8re n\u00e9cessaire<\/h3>\n<p style=\"margin-top: 24px;\">IP Porta s\u2019engage \u00e0 limiter la collection de donn\u00e9es \u00e0 caract\u00e8re personnel  \u00e0 ce qui est n\u00e9cessaire et pertinent pour la r\u00e9alisation des finalit\u00e9s indiqu\u00e9es sous III.<\/p>\n<p>Certaines donn\u00e9es \u00e0 caract\u00e8re personnel  devront \u00eatre trait\u00e9es par nous afin de vous offrir nos services (\u00e0 votre demande). Il s\u2019agit notamment des donn\u00e9es dont nous avons besoin pour une facturation correcte ou un \u00e9ventuel r\u00e8glement des litiges. Cependant, vous nous fournissez ces donn\u00e9es \u00e0 caract\u00e8re personnel  volontairement.<\/p>\n<h4 style=\"margin-top: 40px;\">Pour les clients (potentiels), les contreparties et leurs conseils (et leurs personnes de contact)<\/h4>\n<p style=\"margin-top: 24px;\">(i) Donn\u00e9es d\u2019identification personnelle (nom et pr\u00e9nom ; fonction ou capacit\u00e9 professionnelle ; nationalit\u00e9 ; sexe)<\/p>\n<p>(ii) Donn\u00e9es de contact (adresse ; num\u00e9ro de t\u00e9l\u00e9phone et\/ou de t\u00e9l\u00e9phone mobile ; adresse e-mail ; communications (\u00e9lectroniques) ; langue)<\/p>\n<p>(iii) Donn\u00e9es \u00e9conomiques et de transaction (nom et forme juridique de l\u2019entreprise ; num\u00e9ro de TVA ; adresse de facturation ; adresse e-mail de facturation\u00a0; num\u00e9ro de t\u00e9l\u00e9phone ; donn\u00e9es financi\u00e8res (num\u00e9ro de compte bancaire, mode de paiement))<\/p>\n<p>(iv) Donn\u00e9es relatives au dossier (services rendus ; si n\u00e9cessaire, num\u00e9ro d\u2019enregistrement national)<\/p>\n<p>Les donn\u00e9es li\u00e9es au dossier peuvent inclure des donn\u00e9es \u00e0 caract\u00e8re personnel  d\u2019autres individus. Nous ne traitons pas ces donn\u00e9es \u00e0 caract\u00e8re personnel  dans des bases de donn\u00e9es distinctes, mais elles sont incluses dans les fichiers de notre syst\u00e8me de gestion des documents. En raison de notre secret professionnel que nous observons en tant qu\u2019avocat, nous ne sommes pas tenus d\u2019informer ces personnes.<\/p>\n<h4 style=\"margin-top: 24px;\">Pour les acteurs du syst\u00e8me judiciaire et d\u2019autres institutions<\/h4>\n<p style=\"margin-top: 24px;\">(i) Donn\u00e9es d'identification personnelle (nom et pr\u00e9nom ; fonction ou capacit\u00e9) ;<\/p>\n<p>(ii) Professionele contactgegevens (telefoonnummer; e-mailadres; (e-mail)communicatie; taal)<\/p>\n<h4 style=\"margin-top: 24px;\">Pour les fournisseurs et autres prestataires de services (et leurs personnes de contact)<\/h4>\n<p style=\"margin-top: 24px;\">(i) Contactgegevens (adres; telefoon- en\/of gsmnummer; e-mailadres; (e-mail)communicatie; taal)<\/p>\n<p>(ii) Donn\u00e9es \u00e9conomiques et de transaction (nom et forme juridique de l'entreprise ; num\u00e9ro de TVA ; adresse de facturation ; num\u00e9ro de t\u00e9l\u00e9phone ; donn\u00e9es financi\u00e8res (num\u00e9ro de compte bancaire, mode de paiement)).<\/p>\n\t<\/div>\r\n<\/div>\r\n\r\n\r\n\r\n\n\t\t\t<\/div> \n\t\t<\/div>\n\t<\/div> \n\n\t<div  class=\"vc_col-sm-4 wpb_column column_container vc_column_container col no-extra-padding inherit_tablet inherit_phone\"  data-padding-pos=\"all\" data-has-bg-color=\"false\" data-bg-color=\"\" data-bg-opacity=\"1\" data-animation=\"\" data-delay=\"0\" >\n\t\t<div class=\"vc_column-inner\" >\n\t\t\t<div class=\"wpb_wrapper\">\n\t\t\t\t\n\t\t\t<\/div> \n\t\t<\/div>\n\t<\/div> \n<\/div><\/div>\r\n\t\t<div id=\"fws_69f57cac01f3f\"  data-column-margin=\"default\" data-midnight=\"dark\"  class=\"wpb_row vc_row-fluid vc_row\"  style=\"padding-top: 0px; padding-bottom: 0px; \"><div class=\"row-bg-wrap\" data-bg-animation=\"none\" data-bg-overlay=\"false\"><div class=\"inner-wrap\"><div class=\"row-bg\"  style=\"\"><\/div><\/div><\/div><div class=\"row_col_wrap_12 col span_12 dark left\">\n\t<div  class=\"vc_col-sm-8 wpb_column column_container vc_column_container col no-extra-padding inherit_tablet inherit_phone\"  data-padding-pos=\"all\" data-has-bg-color=\"false\" data-bg-color=\"\" data-bg-opacity=\"1\" data-animation=\"\" data-delay=\"0\" >\n\t\t<div class=\"vc_column-inner\" >\n\t\t\t<div class=\"wpb_wrapper\">\n\t\t\t\t\r\n<div class=\"wpb_text_column wpb_content_element\" >\r\n\t<div class=\"wpb_wrapper\">\r\n\t\t<h3 style=\"margin-top: 40px;\">III. Finalit\u00e9s et base juridique du traitement de donn\u00e9es \u00e0 caract\u00e8re personnel<\/h3>\n<p style=\"margin-top: 24px;\">IP Porta traite les donn\u00e9es \u00e0 caract\u00e8re personnel  de ses clients (potentiels), des contreparties des clients et de leurs conseils, des fournisseurs et autres prestataires de services, ainsi que des personnes de contact des clients et des fournisseurs et autres prestataires de services pour les finalit\u00e9s suivantes :<\/p>\n\t<\/div>\r\n<\/div>\r\n\r\n\r\n\r\n\n\t\t\t<\/div> \n\t\t<\/div>\n\t<\/div> \n\n\t<div  class=\"vc_col-sm-4 wpb_column column_container vc_column_container col no-extra-padding inherit_tablet inherit_phone\"  data-padding-pos=\"all\" data-has-bg-color=\"false\" data-bg-color=\"\" data-bg-opacity=\"1\" data-animation=\"\" data-delay=\"0\" >\n\t\t<div class=\"vc_column-inner\" >\n\t\t\t<div class=\"wpb_wrapper\">\n\t\t\t\t\n\t\t\t<\/div> \n\t\t<\/div>\n\t<\/div> \n<\/div><\/div>\r\n\t\t<div id=\"fws_69f57cac02173\"  data-column-margin=\"default\" data-midnight=\"dark\"  class=\"wpb_row vc_row-fluid vc_row\"  style=\"padding-top: 0px; padding-bottom: 0px; \"><div class=\"row-bg-wrap\" data-bg-animation=\"none\" data-bg-overlay=\"false\"><div class=\"inner-wrap\"><div class=\"row-bg using-bg-color\"  style=\"background-color: #ffffff; \"><\/div><\/div><\/div><div class=\"row_col_wrap_12 col span_12 dark left\">\n\t<div  class=\"vc_col-sm-12 wpb_column column_container vc_column_container col no-extra-padding el_spacing_0px inherit_tablet inherit_phone\"  data-padding-pos=\"all\" data-has-bg-color=\"false\" data-bg-color=\"\" data-bg-opacity=\"1\" data-animation=\"\" data-delay=\"0\" >\n\t\t<div class=\"vc_column-inner\" >\n\t\t\t<div class=\"wpb_wrapper\">\n\t\t\t\t<div id=\"fws_69f57cac0248e\" data-midnight=\"\" data-column-margin=\"80px\" class=\"wpb_row vc_row-fluid vc_row inner_row  vc_row-o-equal-height vc_row-flex  vc_custom_1641239272509\"  style=\"\"><div class=\"row-bg-wrap\"> <div class=\"row-bg\" ><\/div> <\/div><div class=\"row_col_wrap_12_inner col span_12  left\">\n\t<div  class=\"vc_col-sm-6 wpb_column column_container vc_column_container col child_column has-animation no-extra-padding inherit_tablet inherit_phone\"   data-padding-pos=\"all\" data-has-bg-color=\"false\" data-bg-color=\"\" data-bg-opacity=\"1\" data-animation=\"fade-in\" data-delay=\"0\">\n\t\t<div class=\"vc_column-inner\" >\n\t\t<div class=\"wpb_wrapper\">\n\t\t\t\r\n<div class=\"wpb_text_column wpb_content_element  vc_custom_1641218565590\" >\r\n\t<div class=\"wpb_wrapper\">\r\n\t\t<h4>Finalit\u00e9<\/h4>\n<p>1. Traitement des donn\u00e9es \u00e0 caract\u00e8re personnel des clients (potentiels), des personnes de contact de clients (potentiels) \u00e0 la finalit\u00e9 de la conclusion ou l\u2019ex\u00e9cution du contrat de services juridiques avec le client (potentiel).<\/p>\n\t<\/div>\r\n<\/div>\r\n\r\n\r\n\r\n\n\t\t<\/div> \n\t<\/div>\n\t<\/div> \n\n\t<div  class=\"vc_col-sm-6 wpb_column column_container vc_column_container col child_column has-animation no-extra-padding inherit_tablet inherit_phone\"   data-padding-pos=\"all\" data-has-bg-color=\"false\" data-bg-color=\"\" data-bg-opacity=\"1\" data-animation=\"fade-in\" data-delay=\"150\">\n\t\t<div class=\"vc_column-inner\" >\n\t\t<div class=\"wpb_wrapper\">\n\t\t\t\r\n<div class=\"wpb_text_column wpb_content_element  vc_custom_1641218558691\" >\r\n\t<div class=\"wpb_wrapper\">\r\n\t\t<h4>Base Juridique<\/h4>\n<p><em><strong>Si vous \u00eates un client (potentiel)-personne physique :<\/strong><\/em><\/p>\n<p>La n\u00e9cessit\u00e9 pour la conclusion ou l\u2019ex\u00e9cution du contrat de prestation de services juridiques (article 6 \u00a71 (b) de la RGPD).<\/p>\n<p><em><strong>Si vous \u00eates une personne de contact de notre client (potentiels) :<\/strong><\/em><\/p>\n<p>La n\u00e9cessit\u00e9 aux fins des int\u00e9r\u00eats l\u00e9gitimes \u00e0 pouvoir fournir des services juridiques \u00e0 nos clients (article 6, \u00a71, (f) RGPD). Compte tenu de l\u2019utilisation limit\u00e9e de vos donn\u00e9es \u00e0 caract\u00e8re personnel, nous supposons que votre int\u00e9r\u00eat ou vos droits fondamentaux en mati\u00e8re de protection de la vie priv\u00e9e ne pr\u00e9valent pas sur les int\u00e9r\u00eats susmentionn\u00e9s. Si vous estimez que ceci n\u2019est pas le cas, nous vous prions de nous en informer (voir ci-dessous sous VII).<\/p>\n\t<\/div>\r\n<\/div>\r\n\r\n\r\n\r\n\n\t\t<\/div> \n\t<\/div>\n\t<\/div> \n\n\t<div  class=\"vc_col-sm-12 wpb_column column_container vc_column_container col child_column no-extra-padding inherit_tablet inherit_phone\"   data-padding-pos=\"all\" data-has-bg-color=\"false\" data-bg-color=\"\" data-bg-opacity=\"1\" data-animation=\"\" data-delay=\"0\">\n\t\t<div class=\"vc_column-inner\" >\n\t\t<div class=\"wpb_wrapper\">\n\t\t\t<div class=\"divider-wrap\" data-alignment=\"default\"><div style=\"margin-top: 4px; height: 3px; margin-bottom: 4px;\" data-width=\"100%\" data-animate=\"yes\" data-animation-delay=\"\" data-color=\"extra-color-2\" class=\"divider-border\"><\/div><\/div>\n\t\t<\/div> \n\t<\/div>\n\t<\/div> \n<\/div><\/div><div id=\"fws_69f57cac02946\" data-midnight=\"\" data-column-margin=\"80px\" class=\"wpb_row vc_row-fluid vc_row inner_row  vc_row-o-equal-height vc_row-flex  vc_custom_1641239342778\"  style=\"\"><div class=\"row-bg-wrap\"> <div class=\"row-bg\" ><\/div> <\/div><div class=\"row_col_wrap_12_inner col span_12  left\">\n\t<div  class=\"vc_col-sm-6 wpb_column column_container vc_column_container col child_column has-animation no-extra-padding inherit_tablet inherit_phone\"   data-padding-pos=\"all\" data-has-bg-color=\"false\" data-bg-color=\"\" data-bg-opacity=\"1\" data-animation=\"fade-in\" data-delay=\"0\">\n\t\t<div class=\"vc_column-inner\" >\n\t\t<div class=\"wpb_wrapper\">\n\t\t\t\r\n<div class=\"wpb_text_column wpb_content_element  vc_custom_1641218620908\" >\r\n\t<div class=\"wpb_wrapper\">\r\n\t\t<h4>Finalit\u00e9<\/h4>\n<p>2. Traitement des donn\u00e9es \u00e0 caract\u00e8re personnel des clients et des personnes de contact de clients \u00e0 la finalit\u00e9 de l\u2019envoi de communications non-li\u00e9es au dossier (pour vous tenir inform\u00e9 des d\u00e9veloppements juridiques, vous envoyer notre carte de v\u0153ux, etc.)<\/p>\n\t<\/div>\r\n<\/div>\r\n\r\n\r\n\r\n\n\t\t<\/div> \n\t<\/div>\n\t<\/div> \n\n\t<div  class=\"vc_col-sm-6 wpb_column column_container vc_column_container col child_column has-animation no-extra-padding inherit_tablet inherit_phone\"   data-padding-pos=\"all\" data-has-bg-color=\"false\" data-bg-color=\"\" data-bg-opacity=\"1\" data-animation=\"fade-in\" data-delay=\"150\">\n\t\t<div class=\"vc_column-inner\" >\n\t\t<div class=\"wpb_wrapper\">\n\t\t\t\r\n<div class=\"wpb_text_column wpb_content_element  vc_custom_1641218608557\" >\r\n\t<div class=\"wpb_wrapper\">\r\n\t\t<h4>Base Juridique<\/h4>\n<p>La n\u00e9cessit\u00e9 aux fins des int\u00e9r\u00eats l\u00e9gitimes de promouvoir nos services aupr\u00e8s de nos clients (article 6, \u00a71, f) de la RGPD). Compte tenu de l\u2019utilisation limit\u00e9e de vos donn\u00e9es \u00e0 caract\u00e8re personnel, nous supposons que votre int\u00e9r\u00eat ou vos droits fondamentaux en mati\u00e8re de protection de la vie priv\u00e9e ne pr\u00e9valent pas sur les int\u00e9r\u00eats susmentionn\u00e9s. Si vous estimez que ceci n\u2019est pas le cas, nous vous prions de nous en informer (voir ci-dessous sous VII).<\/p>\n\t<\/div>\r\n<\/div>\r\n\r\n\r\n\r\n\n\t\t<\/div> \n\t<\/div>\n\t<\/div> \n\n\t<div  class=\"vc_col-sm-12 wpb_column column_container vc_column_container col child_column no-extra-padding inherit_tablet inherit_phone\"   data-padding-pos=\"all\" data-has-bg-color=\"false\" data-bg-color=\"\" data-bg-opacity=\"1\" data-animation=\"\" data-delay=\"0\">\n\t\t<div class=\"vc_column-inner\" >\n\t\t<div class=\"wpb_wrapper\">\n\t\t\t<div class=\"divider-wrap\" data-alignment=\"default\"><div style=\"margin-top: 4px; height: 3px; margin-bottom: 4px;\" data-width=\"100%\" data-animate=\"yes\" data-animation-delay=\"\" data-color=\"extra-color-2\" class=\"divider-border\"><\/div><\/div>\n\t\t<\/div> \n\t<\/div>\n\t<\/div> \n<\/div><\/div><div id=\"fws_69f57cac02c59\" data-midnight=\"\" data-column-margin=\"80px\" class=\"wpb_row vc_row-fluid vc_row inner_row  vc_row-o-equal-height vc_row-flex\"  style=\"\"><div class=\"row-bg-wrap\"> <div class=\"row-bg\" ><\/div> <\/div><div class=\"row_col_wrap_12_inner col span_12  left\">\n\t<div  class=\"vc_col-sm-6 wpb_column column_container vc_column_container col child_column has-animation no-extra-padding inherit_tablet inherit_phone\"   data-padding-pos=\"all\" data-has-bg-color=\"false\" data-bg-color=\"\" data-bg-opacity=\"1\" data-animation=\"fade-in\" data-delay=\"0\">\n\t\t<div class=\"vc_column-inner\" >\n\t\t<div class=\"wpb_wrapper\">\n\t\t\t\r\n<div class=\"wpb_text_column wpb_content_element  vc_custom_1641218671680\" >\r\n\t<div class=\"wpb_wrapper\">\r\n\t\t<h4>Finalit\u00e9<\/h4>\n<p>3. Traitement des donn\u00e9es \u00e0 caract\u00e8re personnel  des contreparties des clients et de leurs conseils \u00e0 la finalit\u00e9 de repr\u00e9senter les int\u00e9r\u00eats de nos clients dans l\u2019ex\u00e9cution du contrat avec le client pour des services juridiques.<\/p>\n\t<\/div>\r\n<\/div>\r\n\r\n\r\n\r\n\n\t\t<\/div> \n\t<\/div>\n\t<\/div> \n\n\t<div  class=\"vc_col-sm-6 wpb_column column_container vc_column_container col child_column has-animation no-extra-padding inherit_tablet inherit_phone\"   data-padding-pos=\"all\" data-has-bg-color=\"false\" data-bg-color=\"\" data-bg-opacity=\"1\" data-animation=\"fade-in\" data-delay=\"150\">\n\t\t<div class=\"vc_column-inner\" >\n\t\t<div class=\"wpb_wrapper\">\n\t\t\t\r\n<div class=\"wpb_text_column wpb_content_element  vc_custom_1641218678457\" >\r\n\t<div class=\"wpb_wrapper\">\r\n\t\t<h4>Base Juridique<\/h4>\n<p>La n\u00e9cessit\u00e9 aux fins des int\u00e9r\u00eats l\u00e9gitimes \u00e0 pouvoir fournir des services juridiques \u00e0 nos clients (article 6, \u00a71, (f) RGPD). Compte tenu de l\u2019utilisation limit\u00e9e de vos donn\u00e9es \u00e0 caract\u00e8re personnel, nous supposons que votre int\u00e9r\u00eat ou vos droits fondamentaux en mati\u00e8re de protection de la vie priv\u00e9e ne pr\u00e9valent pas sur les int\u00e9r\u00eats susmentionn\u00e9s. Si vous estimez que ceci n\u2019est pas le cas, nous vous prions de nous en informer (voir ci-dessous sous VII).<\/p>\n\t<\/div>\r\n<\/div>\r\n\r\n\r\n\r\n\n\t\t<\/div> \n\t<\/div>\n\t<\/div> \n<\/div><\/div><div id=\"fws_69f57cac02f93\" data-midnight=\"\" data-column-margin=\"80px\" class=\"wpb_row vc_row-fluid vc_row inner_row  vc_row-o-equal-height vc_row-flex  vc_custom_1641239342778\"  style=\"\"><div class=\"row-bg-wrap\"> <div class=\"row-bg\" ><\/div> <\/div><div class=\"row_col_wrap_12_inner col span_12  left\">\n\t<div  class=\"vc_col-sm-12 wpb_column column_container vc_column_container col child_column no-extra-padding inherit_tablet inherit_phone\"   data-padding-pos=\"all\" data-has-bg-color=\"false\" data-bg-color=\"\" data-bg-opacity=\"1\" data-animation=\"\" data-delay=\"0\">\n\t\t<div class=\"vc_column-inner\" >\n\t\t<div class=\"wpb_wrapper\">\n\t\t\t<div class=\"divider-wrap\" data-alignment=\"default\"><div style=\"margin-top: 4px; height: 3px; margin-bottom: 4px;\" data-width=\"100%\" data-animate=\"yes\" data-animation-delay=\"\" data-color=\"extra-color-2\" class=\"divider-border\"><\/div><\/div>\n\t\t<\/div> \n\t<\/div>\n\t<\/div> \n<\/div><\/div><div id=\"fws_69f57cac03292\" data-midnight=\"\" data-column-margin=\"80px\" class=\"wpb_row vc_row-fluid vc_row inner_row  vc_row-o-equal-height vc_row-flex\"  style=\"\"><div class=\"row-bg-wrap\"> <div class=\"row-bg\" ><\/div> <\/div><div class=\"row_col_wrap_12_inner col span_12  left\">\n\t<div  class=\"vc_col-sm-6 wpb_column column_container vc_column_container col child_column has-animation no-extra-padding inherit_tablet inherit_phone\"   data-padding-pos=\"all\" data-has-bg-color=\"false\" data-bg-color=\"\" data-bg-opacity=\"1\" data-animation=\"fade-in\" data-delay=\"0\">\n\t\t<div class=\"vc_column-inner\" >\n\t\t<div class=\"wpb_wrapper\">\n\t\t\t\r\n<div class=\"wpb_text_column wpb_content_element  vc_custom_1641218701315\" >\r\n\t<div class=\"wpb_wrapper\">\r\n\t\t<h4>Finalit\u00e9<\/h4>\n<p>4. Traitement des donn\u00e9es \u00e0 caract\u00e8re personnel  les acteurs du syst\u00e8me judiciaire et d\u2019autres institutions \u00e0 la finalit\u00e9 de repr\u00e9senter les int\u00e9r\u00eats de nos clients dans l\u2019ex\u00e9cution du contrat avec le client pour des services juridiques.<\/p>\n\t<\/div>\r\n<\/div>\r\n\r\n\r\n\r\n\n\t\t<\/div> \n\t<\/div>\n\t<\/div> \n\n\t<div  class=\"vc_col-sm-6 wpb_column column_container vc_column_container col child_column has-animation no-extra-padding inherit_tablet inherit_phone\"   data-padding-pos=\"all\" data-has-bg-color=\"false\" data-bg-color=\"\" data-bg-opacity=\"1\" data-animation=\"fade-in\" data-delay=\"150\">\n\t\t<div class=\"vc_column-inner\" >\n\t\t<div class=\"wpb_wrapper\">\n\t\t\t\r\n<div class=\"wpb_text_column wpb_content_element  vc_custom_1641218708012\" >\r\n\t<div class=\"wpb_wrapper\">\r\n\t\t<h4>Base Juridique<\/h4>\n<p>La n\u00e9cessit\u00e9 aux fins des int\u00e9r\u00eats l\u00e9gitimes \u00e0 pouvoir fournir des services juridiques \u00e0 nos clients (article 6, \u00a71, (f) RGPD). Compte tenu de l\u2019utilisation limit\u00e9e de vos donn\u00e9es \u00e0 caract\u00e8re personnel, nous supposons que votre int\u00e9r\u00eat ou vos droits fondamentaux en mati\u00e8re de protection de la vie priv\u00e9e ne pr\u00e9valent pas sur les int\u00e9r\u00eats susmentionn\u00e9s. Si vous estimez que ceci n\u2019est pas le cas, nous vous prions de nous en informer (voir ci-dessous sous VII).<\/p>\n\t<\/div>\r\n<\/div>\r\n\r\n\r\n\r\n\n\t\t<\/div> \n\t<\/div>\n\t<\/div> \n<\/div><\/div><div id=\"fws_69f57cac03556\" data-midnight=\"\" data-column-margin=\"80px\" class=\"wpb_row vc_row-fluid vc_row inner_row  vc_row-o-equal-height vc_row-flex  vc_custom_1641239342778\"  style=\"\"><div class=\"row-bg-wrap\"> <div class=\"row-bg\" ><\/div> <\/div><div class=\"row_col_wrap_12_inner col span_12  left\">\n\t<div  class=\"vc_col-sm-12 wpb_column column_container vc_column_container col child_column no-extra-padding inherit_tablet inherit_phone\"   data-padding-pos=\"all\" data-has-bg-color=\"false\" data-bg-color=\"\" data-bg-opacity=\"1\" data-animation=\"\" data-delay=\"0\">\n\t\t<div class=\"vc_column-inner\" >\n\t\t<div class=\"wpb_wrapper\">\n\t\t\t<div class=\"divider-wrap\" data-alignment=\"default\"><div style=\"margin-top: 4px; height: 3px; margin-bottom: 4px;\" data-width=\"100%\" data-animate=\"yes\" data-animation-delay=\"\" data-color=\"extra-color-2\" class=\"divider-border\"><\/div><\/div>\n\t\t<\/div> \n\t<\/div>\n\t<\/div> \n<\/div><\/div><div id=\"fws_69f57cac036c1\" data-midnight=\"\" data-column-margin=\"80px\" class=\"wpb_row vc_row-fluid vc_row inner_row  vc_row-o-equal-height vc_row-flex\"  style=\"\"><div class=\"row-bg-wrap\"> <div class=\"row-bg\" ><\/div> <\/div><div class=\"row_col_wrap_12_inner col span_12  left\">\n\t<div  class=\"vc_col-sm-6 wpb_column column_container vc_column_container col child_column has-animation no-extra-padding inherit_tablet inherit_phone\"   data-padding-pos=\"all\" data-has-bg-color=\"false\" data-bg-color=\"\" data-bg-opacity=\"1\" data-animation=\"fade-in\" data-delay=\"0\">\n\t\t<div class=\"vc_column-inner\" >\n\t\t<div class=\"wpb_wrapper\">\n\t\t\t\r\n<div class=\"wpb_text_column wpb_content_element  vc_custom_1641218719380\" >\r\n\t<div class=\"wpb_wrapper\">\r\n\t\t<h4>Finalit\u00e9<\/h4>\n<p>5. Traitement des donn\u00e9es \u00e0 caract\u00e8re personnel  des fournisseurs et prestataires de services (potentiels) ainsi que des personnes de contact des fournisseurs et prestataires de services (potentiels) dans \u00e0 la finalit\u00e9 de la conclusion ou l\u2019ex\u00e9cution du contrat avec ce fournisseur ou prestataire de service ou \u00e0 la finalit\u00e9 de repr\u00e9senter les int\u00e9r\u00eats de nos clients dans l\u2019ex\u00e9cution du contrat avec le client pour des services juridiques.<\/p>\n\t<\/div>\r\n<\/div>\r\n\r\n\r\n\r\n\n\t\t<\/div> \n\t<\/div>\n\t<\/div> \n\n\t<div  class=\"vc_col-sm-6 wpb_column column_container vc_column_container col child_column has-animation no-extra-padding inherit_tablet inherit_phone\"   data-padding-pos=\"all\" data-has-bg-color=\"false\" data-bg-color=\"\" data-bg-opacity=\"1\" data-animation=\"fade-in\" data-delay=\"150\">\n\t\t<div class=\"vc_column-inner\" >\n\t\t<div class=\"wpb_wrapper\">\n\t\t\t\r\n<div class=\"wpb_text_column wpb_content_element  vc_custom_1641218736788\" >\r\n\t<div class=\"wpb_wrapper\">\r\n\t\t<h4>Base Juridique<\/h4>\n<p><em><strong>Si vous \u00eates un fournisseur ou un prestataire de services (potentiels) personne physique :<\/strong><\/em><\/p>\n<p>La n\u00e9cessit\u00e9 de l\u2019ex\u00e9cution de notre contrat avec vous (article 6 \u00a71 b) RGPD) ; ou<\/p>\n<p>La n\u00e9cessit\u00e9 aux fins des int\u00e9r\u00eats l\u00e9gitimes \u00e0 pouvoir fournir des services juridiques \u00e0 nos clients (article 6, \u00a71, (f) RGPD). Compte tenu de l\u2019utilisation limit\u00e9e de vos donn\u00e9es \u00e0 caract\u00e8re personnel, nous supposons que votre int\u00e9r\u00eat ou vos droits fondamentaux en mati\u00e8re de protection de la vie priv\u00e9e ne pr\u00e9valent pas sur les int\u00e9r\u00eats susmentionn\u00e9s. Si vous estimez que ceci n\u2019est pas le cas, nous vous prions de nous en informer (voir ci-dessous sous VII).<\/p>\n<p><em><strong>Si vous \u00eates une personne de contact du fournisseur ou du prestataire de services (potentiels) :<\/strong><\/em><\/p>\n<p>La n\u00e9cessit\u00e9 aux fins des int\u00e9r\u00eats l\u00e9gitimes de notre part et de celle de votre entreprise \u00e0 organiser et \u00e0 se concerter sur l\u2019ex\u00e9cution du contrat (article 6, \u00a71, (f) RGPD). Compte tenu de l\u2019utilisation limit\u00e9e de vos donn\u00e9es \u00e0 caract\u00e8re personnel, nous supposons que votre int\u00e9r\u00eat ou vos droits fondamentaux en mati\u00e8re de protection de la vie priv\u00e9e ne pr\u00e9valent pas sur les int\u00e9r\u00eats susmentionn\u00e9. Si vous estimez que ceci n\u2019est pas le cas, nous vous prions de nous en informer (voir section VII ci-dessous) ; ou<\/p>\n<p>La n\u00e9cessit\u00e9 aux fins des int\u00e9r\u00eats l\u00e9gitimes \u00e0 pouvoir fournir des services juridiques \u00e0 nos clients (article 6, \u00a71, (f) RGPD). Compte tenu de l\u2019utilisation limit\u00e9e de vos donn\u00e9es \u00e0 caract\u00e8re personnel, nous supposons que votre int\u00e9r\u00eat ou vos droits fondamentaux en mati\u00e8re de protection de la vie priv\u00e9e ne pr\u00e9valent pas sur les int\u00e9r\u00eats susmentionn\u00e9s. Si vous estimez que ceci n\u2019est pas le cas, nous vous prions de nous en informer (voir ci-dessous sous VII).<\/p>\n\t<\/div>\r\n<\/div>\r\n\r\n\r\n\r\n\n\t\t<\/div> \n\t<\/div>\n\t<\/div> \n<\/div><\/div><div id=\"fws_69f57cac03956\" data-midnight=\"\" data-column-margin=\"80px\" class=\"wpb_row vc_row-fluid vc_row inner_row  vc_row-o-equal-height vc_row-flex  vc_custom_1641239342778\"  style=\"\"><div class=\"row-bg-wrap\"> <div class=\"row-bg\" ><\/div> <\/div><div class=\"row_col_wrap_12_inner col span_12  left\">\n\t<div  class=\"vc_col-sm-12 wpb_column column_container vc_column_container col child_column no-extra-padding inherit_tablet inherit_phone\"   data-padding-pos=\"all\" data-has-bg-color=\"false\" data-bg-color=\"\" data-bg-opacity=\"1\" data-animation=\"\" data-delay=\"0\">\n\t\t<div class=\"vc_column-inner\" >\n\t\t<div class=\"wpb_wrapper\">\n\t\t\t<div class=\"divider-wrap\" data-alignment=\"default\"><div style=\"margin-top: 4px; height: 3px; margin-bottom: 4px;\" data-width=\"100%\" data-animate=\"yes\" data-animation-delay=\"\" data-color=\"extra-color-2\" class=\"divider-border\"><\/div><\/div>\n\t\t<\/div> \n\t<\/div>\n\t<\/div> \n<\/div><\/div><div id=\"fws_69f57cac03a6e\" data-midnight=\"\" data-column-margin=\"80px\" class=\"wpb_row vc_row-fluid vc_row inner_row  vc_row-o-equal-height vc_row-flex\"  style=\"\"><div class=\"row-bg-wrap\"> <div class=\"row-bg\" ><\/div> <\/div><div class=\"row_col_wrap_12_inner col span_12  left\">\n\t<div  class=\"vc_col-sm-6 wpb_column column_container vc_column_container col child_column has-animation no-extra-padding inherit_tablet inherit_phone border_style_solid\"   data-padding-pos=\"all\" data-has-bg-color=\"false\" data-bg-color=\"\" data-bg-opacity=\"1\" data-animation=\"fade-in\" data-delay=\"0\">\n\t\t<div class=\"vc_column-inner\" >\n\t\t<div class=\"wpb_wrapper\">\n\t\t\t\r\n<div class=\"wpb_text_column wpb_content_element  vc_custom_1641218749981\" >\r\n\t<div class=\"wpb_wrapper\">\r\n\t\t<h4>Finalit\u00e9<\/h4>\n<p>6. Traitement des donn\u00e9es \u00e0 caract\u00e8re personnel  susmentionn\u00e9es aux finalit\u00e9s l\u00e9gales, notamment dans le cadre de nos obligations l\u00e9gales, comptables, fiscales ou d\u00e9ontologiques.<\/p>\n\t<\/div>\r\n<\/div>\r\n\r\n\r\n\r\n\n\t\t<\/div> \n\t<\/div>\n\t<\/div> \n\n\t<div  class=\"vc_col-sm-6 wpb_column column_container vc_column_container col child_column has-animation no-extra-padding inherit_tablet inherit_phone\"   data-padding-pos=\"all\" data-has-bg-color=\"false\" data-bg-color=\"\" data-bg-opacity=\"1\" data-animation=\"fade-in\" data-delay=\"150\">\n\t\t<div class=\"vc_column-inner\" >\n\t\t<div class=\"wpb_wrapper\">\n\t\t\t\r\n<div class=\"wpb_text_column wpb_content_element  vc_custom_1641218757655\" >\r\n\t<div class=\"wpb_wrapper\">\r\n\t\t<h4>Base Juridique<\/h4>\n<p>La base juridique du traitement se trouve alors dans la l\u00e9gislation correspondante ou les obligations d\u00e9ontologiques.<\/p>\n\t<\/div>\r\n<\/div>\r\n\r\n\r\n\r\n\n\t\t<\/div> \n\t<\/div>\n\t<\/div> \n<\/div><\/div><div id=\"fws_69f57cac03ca3\" data-midnight=\"\" data-column-margin=\"80px\" class=\"wpb_row vc_row-fluid vc_row inner_row  vc_row-o-equal-height vc_row-flex  vc_custom_1641239342778\"  style=\"\"><div class=\"row-bg-wrap\"> <div class=\"row-bg\" ><\/div> <\/div><div class=\"row_col_wrap_12_inner col span_12  left\">\n\t<div  class=\"vc_col-sm-12 wpb_column column_container vc_column_container col child_column no-extra-padding inherit_tablet inherit_phone\"   data-padding-pos=\"all\" data-has-bg-color=\"false\" data-bg-color=\"\" data-bg-opacity=\"1\" data-animation=\"\" data-delay=\"0\">\n\t\t<div class=\"vc_column-inner\" >\n\t\t<div class=\"wpb_wrapper\">\n\t\t\t<div class=\"divider-wrap\" data-alignment=\"default\"><div style=\"margin-top: 4px; height: 3px; margin-bottom: 4px;\" data-width=\"100%\" data-animate=\"yes\" data-animation-delay=\"\" data-color=\"extra-color-2\" class=\"divider-border\"><\/div><\/div>\n\t\t<\/div> \n\t<\/div>\n\t<\/div> \n<\/div><\/div>\n\t\t\t<\/div> \n\t\t<\/div>\n\t<\/div> \n\n\t<div  class=\"vc_col-sm-12 wpb_column column_container vc_column_container col no-extra-padding inherit_tablet inherit_phone border_style_solid\"  data-padding-pos=\"all\" data-has-bg-color=\"false\" data-bg-color=\"\" data-bg-opacity=\"1\" data-animation=\"\" data-delay=\"0\" >\n\t\t<div class=\"vc_column-inner\" >\n\t\t\t<div class=\"wpb_wrapper\">\n\t\t\t\t\n\t\t\t<\/div> \n\t\t<\/div>\n\t<\/div> \n<\/div><\/div>\r\n\t\t<div id=\"fws_69f57cac03fe7\"  data-column-margin=\"default\" data-midnight=\"dark\"  class=\"wpb_row vc_row-fluid vc_row\"  style=\"padding-top: 0px; padding-bottom: 0px; \"><div class=\"row-bg-wrap\" data-bg-animation=\"none\" data-bg-overlay=\"false\"><div class=\"inner-wrap\"><div class=\"row-bg\"  style=\"\"><\/div><\/div><\/div><div class=\"row_col_wrap_12 col span_12 dark left\">\n\t<div  class=\"vc_col-sm-8 wpb_column column_container vc_column_container col no-extra-padding inherit_tablet inherit_phone\"  data-padding-pos=\"all\" data-has-bg-color=\"false\" data-bg-color=\"\" data-bg-opacity=\"1\" data-animation=\"\" data-delay=\"0\" >\n\t\t<div class=\"vc_column-inner\" >\n\t\t\t<div class=\"wpb_wrapper\">\n\t\t\t\t\r\n<div class=\"wpb_text_column wpb_content_element\" >\r\n\t<div class=\"wpb_wrapper\">\r\n\t\t<h3>IV. Dur\u00e9e du traitement et conservation des donn\u00e9es<\/h3>\n<h4 style=\"margin-top: 40px;\">Pour les clients, les contacts clients et les clients potentiels<\/h4>\n<p style=\"margin-top: 24px;\">Nous traiterons vos donn\u00e9es \u00e0 caract\u00e8re personnel  aussi longtemps que nous nous occuperons de vos dossiers. Une fois le traitement de votre dossier achev\u00e9, les donn\u00e9es sont conserv\u00e9es aussi longtemps que n\u00e9cessaire dans le cadre de nos obligations l\u00e9gales et d\u00e9ontologiques.<\/p>\n<p>Aux fins de l\u2019envoi de nos communications non-li\u00e9es aux dossiers, nous traiterons vos donn\u00e9es \u00e0 caract\u00e8re personnel aussi longtemps que vous serez l\u2019un de nos clients. Bien entendu, vous pouvez nous demander \u00e0 tout moment de ne plus envoyer ces communications. Dans ce cas, nous cesserons de traiter vos donn\u00e9es \u00e0 caract\u00e8re personnel \u00e0 cette finalit\u00e9.<\/p>\n<h4 style=\"margin-top: 40px;\">Pour les contreparties et leurs conseils<\/h4>\n<p style=\"margin-top: 24px;\">Nous traitons vos donn\u00e9es \u00e0 caract\u00e8re personnel aussi longtemps que nous traitons des dossiers relatifs pour nos clients. Une fois le traitement de ce dossier achev\u00e9, les donn\u00e9es sont conserv\u00e9es aussi longtemps que n\u00e9cessaire dans le cadre de nos obligations l\u00e9gales et d\u00e9ontologiques.<\/p>\n<h4 style=\"margin-top: 40px;\">Pour les acteurs du syst\u00e8me judiciaire et d\u2019autres institutions<\/h4>\n<p style=\"margin-top: 24px;\">Nous traitons vos donn\u00e9es \u00e0 caract\u00e8re personnel aussi longtemps que nous traitons des dossiers relatifs pour nos clients. Une fois le traitement de ce dossier achev\u00e9, les donn\u00e9es sont conserv\u00e9es aussi longtemps que n\u00e9cessaire dans le cadre de nos obligations l\u00e9gales et d\u00e9ontologiques.<\/p>\n<h4 style=\"margin-top: 40px;\">Pour les fournisseurs et les prestataires de services<\/h4>\n<p style=\"margin-top: 24px;\">Nous traitons vos donn\u00e9es \u00e0 caract\u00e8re personnel  aussi longtemps que n\u00e9cessaire dans le cadre des contrats conclus avec vous. A l\u2019issue de notre collaboration, nous conservons vos donn\u00e9es \u00e0 caract\u00e8re personnel aussi longtemps que n\u00e9cessaire dans le cadre d\u2019obligations l\u00e9gales.<\/p>\n<p>Si nous traitons vos donn\u00e9es \u00e0 caract\u00e8re personnel aux fins des int\u00e9r\u00eats des clients en ex\u00e9cution du contrat avec le client de prestation de services juridiques, nous traiterons ces donn\u00e9es \u00e0 caract\u00e8re personnel aussi longtemps que nous nous occuperons des dossiers pour nos clients. Une fois le traitement de ce dossier achev\u00e9, les donn\u00e9es sont conserv\u00e9es aussi longtemps que n\u00e9cessaire dans le cadre de nos obligations l\u00e9gales et d\u00e9ontologiques.<\/p>\n<h3 style=\"margin-top: 40px;\">V. Destinataires et transfert des donn\u00e9es \u00e0 caract\u00e8re personnel<\/h3>\n<p style=\"margin-top: 24px;\">En principe, les donn\u00e9es \u00e0 caract\u00e8re personnel ne sont pas transmises \u00e0 des tiers, ni \u00e0 des tiers situ\u00e9s dans des pays hors de l\u2019UE, \u00e0 moins que vous nous en fassiez la demande sp\u00e9cifique.<\/p>\n<p>Toutefois, dans le cadre de notre propre organisation interne, nous travaillons avec un certain nombre de collaborateurs et sous-traitants des donn\u00e9es qui agissent en notre nom. Dans ce cadre, ils peuvent entrer en contact avec les donn\u00e9es \u00e0 caract\u00e8re personnel. Il s\u2019agit plus pr\u00e9cis\u00e9ment des avocats-collaborateurs qui sont li\u00e9s \u00e0 notre cabinet et qui ont accept\u00e9 notre politique interne de confidentialit\u00e9, ainsi que des prestataires de services externes dans les domaines de l\u2019informatique et de l\u2019h\u00e9bergement. Nous nous assurons que nous concluons un contrat de sous-traitance avec ces derniers.<\/p>\n<p>Nous avons mis en \u0153uvre des mesures techniques et organisationnelles appropri\u00e9es pour assurer la confidentialit\u00e9 de vos donn\u00e9es \u00e0 caract\u00e8re personnel et les prot\u00e9ger contre la destruction, la perte, l\u2019alt\u00e9ration, la divulgation ou l'acc\u00e8s non autoris\u00e9s, accidentels ou ill\u00e9gaux.<\/p>\n<h3 style=\"margin-top: 40px;\">VI. Vos droits concernant le traitement des donn\u00e9es<\/h3>\n<p style=\"margin-top: 24px;\">Vous disposez d\u2019un certain nombre de droits relatifs aux donn\u00e9es \u00e0 caract\u00e8re personnel  que nous traitons \u00e0 votre sujet.<\/p>\n<ul>\n<li>Vous avez le droit d\u2019acc\u00e9der \u00e0 vos donn\u00e9es \u00e0 caract\u00e8re personnel et de les faire rectifier\u00a0;<\/li>\n<li>Vous pouvez nous demander de supprimer vos donn\u00e9es \u00e0 caract\u00e8re personnel ou de limiter leur traitement\u00a0;<\/li>\n<li>Vous avez le droit de demander que des donn\u00e9es \u00e0 caract\u00e8re personnel que vous nous avez fournies, soient transmises \u00e0 un autre responsable.<\/li>\n<\/ul>\n<p>Pour les finalit\u00e9s pour lesquelles la base juridique du traitement des donn\u00e9es \u00e0 caract\u00e8re personnel sont des int\u00e9r\u00eats l\u00e9gitimes, vous pouvez \u00e0 tout moment exercer votre droit d\u2019opposition au traitement de vos donn\u00e9es \u00e0 caract\u00e8re personnel, en donnant des raisons li\u00e9es \u00e0 votre situation particuli\u00e8re. Nous cesserons de traiter vos donn\u00e9es \u00e0 caract\u00e8re personnel  \u00e0 ces fins, sauf si nous consid\u00e9rons qu\u2019il existe des raisons l\u00e9gitimes qui pr\u00e9valent sur les int\u00e9r\u00eats, droits et libert\u00e9s que vous invoquez.<\/p>\n<p>Nous traiterons votre demande dans un d\u00e9lai d\u2019un mois. Si, pour quelque raison que ce soit, nous ne sommes pas en mesure de traiter favorablement votre demande, nous vous en communiquerons nos raisons de mani\u00e8re motiv\u00e9e. Si nous ne sommes pas en mesure de vous identifier correctement, nous pouvons vous demander de fournir une preuve de votre identit\u00e9 pour pouvoir r\u00e9pondre \u00e0 votre demande.<\/p>\n<p>Si vous auriez d\u2019autres questions, commentaires ou plaintes concernant notre politique de vie priv\u00e9e ou la mani\u00e8re dont nous traitons vos donn\u00e9es, n\u2019h\u00e9sitez pas \u00e0 nous contacter, par t\u00e9l\u00e9phone ou par e-mail. Vous trouverez nos coordonn\u00e9es sous VII.<\/p>\n<p>Vous pouvez \u00e9galement d\u00e9poser une plainte aupr\u00e8s de l'autorit\u00e9 de protection des donn\u00e9es : <a href=\"https:\/\/www.autoriteprotectiondonnees.be\/citoyen\">https:\/\/www.autoriteprotectiondonnees.be\/citoyen.<\/a><\/p>\n<h3 style=\"margin-top: 40px;\">VII. Contactez IP Porta au sujet de vos donn\u00e9es \u00e0 caract\u00e8re personnel<\/h3>\n<p style=\"margin-top: 24px;\">Pour invoquer vos droits conform\u00e9ment au titre VI, ou si vous pensez que nous n\u2019agissons pas conform\u00e9ment \u00e0 la l\u00e9gislation applicable en mati\u00e8re de protection des donn\u00e9es, veuillez nous contacter comme suivante\u00a0:<\/p>\n<p>Lettre : \u00e0 l\u2019adresse indiqu\u00e9e sous I.<br \/>E-mail: <a href=\"mailto:info@ipporta.be\">info@ipporta.be<\/a><br \/>Num\u00e9ro<a href=\"tel:093241540\"> 09\/324.15.40<\/a><\/p>\n<p>Version 03\/01\/2022<\/p>\n\t<\/div>\r\n<\/div>\r\n\r\n\r\n\r\n\n\t\t\t<\/div> \n\t\t<\/div>\n\t<\/div> \n\n\t<div  class=\"vc_col-sm-4 wpb_column column_container vc_column_container col no-extra-padding inherit_tablet inherit_phone\"  data-padding-pos=\"all\" data-has-bg-color=\"false\" data-bg-color=\"\" data-bg-opacity=\"1\" data-animation=\"\" data-delay=\"0\" >\n\t\t<div class=\"vc_column-inner\" >\n\t\t\t<div class=\"wpb_wrapper\">\n\t\t\t\t\n\t\t\t<\/div> \n\t\t<\/div>\n\t<\/div> \n<\/div><\/div>\r\n\t\t<div id=\"fws_69f57cac04320\"  data-column-margin=\"default\" data-midnight=\"dark\"  class=\"wpb_row vc_row-fluid vc_row\"  style=\"padding-top: 0px; padding-bottom: 0px; \"><div class=\"row-bg-wrap\" data-bg-animation=\"none\" data-bg-overlay=\"false\"><div class=\"inner-wrap\"><div class=\"row-bg\"  style=\"\"><\/div><\/div><\/div><div class=\"row_col_wrap_12 col span_12 dark left\">\n\t<div  class=\"vc_col-sm-12 wpb_column column_container vc_column_container col no-extra-padding inherit_tablet inherit_phone\"  data-padding-pos=\"all\" data-has-bg-color=\"false\" data-bg-color=\"\" data-bg-opacity=\"1\" data-animation=\"\" data-delay=\"0\" >\n\t\t<div class=\"vc_column-inner\" >\n\t\t\t<div class=\"wpb_wrapper\">\n\t\t\t\t\n\t\t\t<\/div> \n\t\t<\/div>\n\t<\/div> \n<\/div><\/div>\r\n\t\t<div id=\"fws_69f57cac044a0\"  data-column-margin=\"default\" data-midnight=\"dark\"  class=\"wpb_row vc_row-fluid vc_row\"  style=\"padding-top: 0px; padding-bottom: 0px; \"><div class=\"row-bg-wrap\" data-bg-animation=\"none\" data-bg-overlay=\"false\"><div class=\"inner-wrap\"><div class=\"row-bg\"  style=\"\"><\/div><\/div><\/div><div class=\"row_col_wrap_12 col span_12 dark left\">\n\t<div  class=\"vc_col-sm-12 wpb_column column_container vc_column_container col no-extra-padding inherit_tablet inherit_phone\"  data-padding-pos=\"all\" data-has-bg-color=\"false\" data-bg-color=\"\" data-bg-opacity=\"1\" data-animation=\"\" data-delay=\"0\" >\n\t\t<div class=\"vc_column-inner\" >\n\t\t\t<div class=\"wpb_wrapper\">\n\t\t\t\t<div class=\"divider-wrap\" data-alignment=\"default\"><div style=\"margin-top: 4px; height: 3px; margin-bottom: 4px;\" data-width=\"100%\" data-animate=\"yes\" data-animation-delay=\"\" data-color=\"extra-color-2\" class=\"divider-border\"><\/div><\/div>\n\t\t\t<\/div> \n\t\t<\/div>\n\t<\/div> \n<\/div><\/div>","protected":false},"excerpt":{"rendered":"Privacy Policy IP Porta hecht veel belang aan de bescherming van uw persoonlijke gegevens. Wij verwerken uw persoonsgegevens in overeenstemming met de toepasselijke regelgeving inzake gegevensbescherming, in het bijzonder de...","protected":false},"author":1,"featured_media":0,"parent":0,"menu_order":0,"comment_status":"closed","ping_status":"closed","template":"","meta":{"footnotes":""},"class_list":["post-471","page","type-page","status-publish"],"yoast_head":"<!-- This site is optimized with the Yoast SEO plugin v23.0 - https:\/\/yoast.com\/wordpress\/plugins\/seo\/ -->\n<title>Privacy Policy - IP Porta Advocaten te Gent<\/title>\n<meta name=\"description\" content=\"IP Porta hecht veel belang aan de bescherming van uw persoonlijke gegevens.\" \/>\n<meta name=\"robots\" content=\"noindex, follow\" \/>\n<meta property=\"og:locale\" content=\"fr_FR\" \/>\n<meta property=\"og:type\" content=\"article\" \/>\n<meta property=\"og:title\" content=\"Privacy Policy - IP Porta Advocaten te Gent\" \/>\n<meta property=\"og:description\" content=\"IP Porta hecht veel belang aan de bescherming van uw persoonlijke gegevens.\" \/>\n<meta property=\"og:url\" content=\"https:\/\/ipporta.be\/fr\/privacy-policy\/\" \/>\n<meta property=\"og:site_name\" content=\"IP Porta\" \/>\n<meta property=\"article:modified_time\" content=\"2022-03-02T10:23:22+00:00\" \/>\n<meta name=\"twitter:card\" content=\"summary_large_image\" \/>\n<meta name=\"twitter:label1\" content=\"Dur\u00e9e de lecture est.\" \/>\n\t<meta name=\"twitter:data1\" content=\"15 minutes\" \/>\n<script type=\"application\/ld+json\" class=\"yoast-schema-graph\">{\"@context\":\"https:\/\/schema.org\",\"@graph\":[{\"@type\":\"WebPage\",\"@id\":\"https:\/\/ipporta.be\/privacy-policy\/\",\"url\":\"https:\/\/ipporta.be\/privacy-policy\/\",\"name\":\"Privacy Policy - IP Porta Advocaten te Gent\",\"isPartOf\":{\"@id\":\"https:\/\/ipporta.be\/#website\"},\"datePublished\":\"2022-01-03T13:35:21+00:00\",\"dateModified\":\"2022-03-02T10:23:22+00:00\",\"description\":\"IP Porta hecht veel belang aan de bescherming van uw persoonlijke gegevens.\",\"breadcrumb\":{\"@id\":\"https:\/\/ipporta.be\/privacy-policy\/#breadcrumb\"},\"inLanguage\":\"fr-BE\",\"potentialAction\":[{\"@type\":\"ReadAction\",\"target\":[\"https:\/\/ipporta.be\/privacy-policy\/\"]}]},{\"@type\":\"BreadcrumbList\",\"@id\":\"https:\/\/ipporta.be\/privacy-policy\/#breadcrumb\",\"itemListElement\":[{\"@type\":\"ListItem\",\"position\":1,\"name\":\"Home\",\"item\":\"https:\/\/ipporta.be\/\"},{\"@type\":\"ListItem\",\"position\":2,\"name\":\"Privacy Policy\"}]},{\"@type\":\"WebSite\",\"@id\":\"https:\/\/ipporta.be\/#website\",\"url\":\"https:\/\/ipporta.be\/\",\"name\":\"IP Porta\",\"description\":\"IP Porta verzoent expertise met toegankelijkheid\",\"potentialAction\":[{\"@type\":\"SearchAction\",\"target\":{\"@type\":\"EntryPoint\",\"urlTemplate\":\"https:\/\/ipporta.be\/?s={search_term_string}\"},\"query-input\":\"required name=search_term_string\"}],\"inLanguage\":\"fr-BE\"}]}<\/script>\n<!-- \/ Yoast SEO plugin. -->","yoast_head_json":{"title":"Privacy Policy - IP Porta Advocaten te Gent","description":"IP Porta hecht veel belang aan de bescherming van uw persoonlijke gegevens.","robots":{"index":"noindex","follow":"follow"},"og_locale":"fr_FR","og_type":"article","og_title":"Privacy Policy - IP Porta Advocaten te Gent","og_description":"IP Porta hecht veel belang aan de bescherming van uw persoonlijke gegevens.","og_url":"https:\/\/ipporta.be\/fr\/privacy-policy\/","og_site_name":"IP Porta","article_modified_time":"2022-03-02T10:23:22+00:00","twitter_card":"summary_large_image","twitter_misc":{"Dur\u00e9e de lecture est.":"15 minutes"},"schema":{"@context":"https:\/\/schema.org","@graph":[{"@type":"WebPage","@id":"https:\/\/ipporta.be\/privacy-policy\/","url":"https:\/\/ipporta.be\/privacy-policy\/","name":"Privacy Policy - IP Porta Advocaten te Gent","isPartOf":{"@id":"https:\/\/ipporta.be\/#website"},"datePublished":"2022-01-03T13:35:21+00:00","dateModified":"2022-03-02T10:23:22+00:00","description":"IP Porta hecht veel belang aan de bescherming van uw persoonlijke gegevens.","breadcrumb":{"@id":"https:\/\/ipporta.be\/privacy-policy\/#breadcrumb"},"inLanguage":"fr-BE","potentialAction":[{"@type":"ReadAction","target":["https:\/\/ipporta.be\/privacy-policy\/"]}]},{"@type":"BreadcrumbList","@id":"https:\/\/ipporta.be\/privacy-policy\/#breadcrumb","itemListElement":[{"@type":"ListItem","position":1,"name":"Home","item":"https:\/\/ipporta.be\/"},{"@type":"ListItem","position":2,"name":"Privacy Policy"}]},{"@type":"WebSite","@id":"https:\/\/ipporta.be\/#website","url":"https:\/\/ipporta.be\/","name":"IP Porta","description":"IP Porta verzoent expertise met toegankelijkheid","potentialAction":[{"@type":"SearchAction","target":{"@type":"EntryPoint","urlTemplate":"https:\/\/ipporta.be\/?s={search_term_string}"},"query-input":"required name=search_term_string"}],"inLanguage":"fr-BE"}]}},"_links":{"self":[{"href":"https:\/\/ipporta.be\/fr\/wp-json\/wp\/v2\/pages\/471","targetHints":{"allow":["GET"]}}],"collection":[{"href":"https:\/\/ipporta.be\/fr\/wp-json\/wp\/v2\/pages"}],"about":[{"href":"https:\/\/ipporta.be\/fr\/wp-json\/wp\/v2\/types\/page"}],"author":[{"embeddable":true,"href":"https:\/\/ipporta.be\/fr\/wp-json\/wp\/v2\/users\/1"}],"replies":[{"embeddable":true,"href":"https:\/\/ipporta.be\/fr\/wp-json\/wp\/v2\/comments?post=471"}],"version-history":[{"count":41,"href":"https:\/\/ipporta.be\/fr\/wp-json\/wp\/v2\/pages\/471\/revisions"}],"predecessor-version":[{"id":618,"href":"https:\/\/ipporta.be\/fr\/wp-json\/wp\/v2\/pages\/471\/revisions\/618"}],"wp:attachment":[{"href":"https:\/\/ipporta.be\/fr\/wp-json\/wp\/v2\/media?parent=471"}],"curies":[{"name":"wp","href":"https:\/\/api.w.org\/{rel}","templated":true}]}}